{"id":1507,"date":"2024-07-12T17:27:44","date_gmt":"2024-07-12T15:27:44","guid":{"rendered":"https:\/\/fewo-am-rauhen-kulm.de\/?page_id=1507"},"modified":"2025-11-20T11:38:14","modified_gmt":"2025-11-20T10:38:14","slug":"kontakt","status":"publish","type":"page","link":"https:\/\/fewo-am-rauhen-kulm.de\/en\/kontakt\/","title":{"rendered":"Kontakt"},"content":{"rendered":"<div data-elementor-type=\"wp-page\" data-elementor-id=\"1507\" class=\"elementor elementor-1507\" data-elementor-post-type=\"page\">\n\t\t\t\t\t\t<section data-particle_enable=\"false\" data-particle-mobile-disabled=\"false\" class=\"elementor-section elementor-top-section elementor-element elementor-element-47cbcb3 elementor-section-full_width elementor-section-height-default elementor-section-height-default\" data-id=\"47cbcb3\" data-element_type=\"section\" data-settings=\"{&quot;background_background&quot;:&quot;classic&quot;}\">\n\t\t\t\t\t\t<div class=\"elementor-container elementor-column-gap-default\">\n\t\t\t\t\t<div class=\"elementor-column elementor-col-50 elementor-top-column elementor-element elementor-element-be3ce47\" data-id=\"be3ce47\" data-element_type=\"column\">\n\t\t\t<div class=\"elementor-widget-wrap elementor-element-populated\">\n\t\t\t\t\t\t<div class=\"elementor-element elementor-element-99998c8 elementor-widget elementor-widget-image\" data-id=\"99998c8\" data-element_type=\"widget\" data-widget_type=\"image.default\">\n\t\t\t\t<div class=\"elementor-widget-container\">\n\t\t\t\t\t\t\t\t\t\t\t\t\t\t\t<img fetchpriority=\"high\" decoding=\"async\" width=\"800\" height=\"873\" src=\"https:\/\/fewo-am-rauhen-kulm.de\/wp-content\/uploads\/2024\/07\/gastgeber-938x1024.jpg\" class=\"attachment-large size-large wp-image-1461\" alt=\"\" srcset=\"https:\/\/fewo-am-rauhen-kulm.de\/wp-content\/uploads\/2024\/07\/gastgeber-938x1024.jpg 938w, https:\/\/fewo-am-rauhen-kulm.de\/wp-content\/uploads\/2024\/07\/gastgeber-275x300.jpg 275w, https:\/\/fewo-am-rauhen-kulm.de\/wp-content\/uploads\/2024\/07\/gastgeber-768x839.jpg 768w, https:\/\/fewo-am-rauhen-kulm.de\/wp-content\/uploads\/2024\/07\/gastgeber.jpg 1183w\" sizes=\"(max-width: 800px) 100vw, 800px\" \/>\t\t\t\t\t\t\t\t\t\t\t\t\t\t\t<\/div>\n\t\t\t\t<\/div>\n\t\t\t\t\t<\/div>\n\t\t<\/div>\n\t\t\t\t<div class=\"elementor-column elementor-col-50 elementor-top-column elementor-element elementor-element-c18dceb\" data-id=\"c18dceb\" data-element_type=\"column\">\n\t\t\t<div class=\"elementor-widget-wrap elementor-element-populated\">\n\t\t\t\t\t\t<section data-particle_enable=\"false\" data-particle-mobile-disabled=\"false\" class=\"elementor-section elementor-inner-section elementor-element elementor-element-19dbd33 elementor-section-content-middle elementor-section-boxed elementor-section-height-default elementor-section-height-default\" data-id=\"19dbd33\" data-element_type=\"section\">\n\t\t\t\t\t\t<div class=\"elementor-container elementor-column-gap-default\">\n\t\t\t\t\t<div class=\"elementor-column elementor-col-100 elementor-inner-column elementor-element elementor-element-9fc3688\" data-id=\"9fc3688\" data-element_type=\"column\">\n\t\t\t<div class=\"elementor-widget-wrap elementor-element-populated\">\n\t\t\t\t\t\t<div class=\"elementor-element elementor-element-394c5ef elementor-widget elementor-widget-heading\" data-id=\"394c5ef\" data-element_type=\"widget\" data-widget_type=\"heading.default\">\n\t\t\t\t<div class=\"elementor-widget-container\">\n\t\t\t\t\t<h2 class=\"elementor-heading-title elementor-size-default\">Ferienwohnung am Rauhen Kulm<\/h2>\t\t\t\t<\/div>\n\t\t\t\t<\/div>\n\t\t\t\t<div class=\"elementor-element elementor-element-2412239 elementor-widget elementor-widget-heading\" data-id=\"2412239\" data-element_type=\"widget\" data-widget_type=\"heading.default\">\n\t\t\t\t<div class=\"elementor-widget-container\">\n\t\t\t\t\t<h3 class=\"elementor-heading-title elementor-size-default\">Lindenallee 5, 95514 Neustadt am Kulm<\/h3>\t\t\t\t<\/div>\n\t\t\t\t<\/div>\n\t\t\t\t<div class=\"elementor-element elementor-element-7022ffe hotel-tmpl-titles elementor-invisible elementor-widget elementor-widget-heading\" data-id=\"7022ffe\" data-element_type=\"widget\" data-settings=\"{&quot;_animation&quot;:&quot;fadeInUp&quot;}\" data-widget_type=\"heading.default\">\n\t\t\t\t<div class=\"elementor-widget-container\">\n\t\t\t\t\t<h3 class=\"elementor-heading-title elementor-size-default\">Viktoria &amp; Arnold Greitan<\/h3>\t\t\t\t<\/div>\n\t\t\t\t<\/div>\n\t\t\t\t<div class=\"elementor-element elementor-element-0788d68 hotel-tmpl-titles elementor-invisible elementor-widget elementor-widget-heading\" data-id=\"0788d68\" data-element_type=\"widget\" data-settings=\"{&quot;_animation&quot;:&quot;fadeInUp&quot;}\" data-widget_type=\"heading.default\">\n\t\t\t\t<div class=\"elementor-widget-container\">\n\t\t\t\t\t<h4 class=\"elementor-heading-title elementor-size-default\">Jetzt Kontaktieren<\/h4>\t\t\t\t<\/div>\n\t\t\t\t<\/div>\n\t\t\t\t<div class=\"elementor-element elementor-element-8f8142c elementor-widget elementor-widget-heading\" data-id=\"8f8142c\" data-element_type=\"widget\" data-widget_type=\"heading.default\">\n\t\t\t\t<div class=\"elementor-widget-container\">\n\t\t\t\t\t<h5 class=\"elementor-heading-title elementor-size-default\"><a href=\"mailto:info@fewo-am-rauhen-kulm.de\" target=\"_blank\">E-Mail schreiben<\/a><\/h5>\t\t\t\t<\/div>\n\t\t\t\t<\/div>\n\t\t\t\t<div class=\"elementor-element elementor-element-f63c781 elementor-widget elementor-widget-text-editor\" data-id=\"f63c781\" data-element_type=\"widget\" data-widget_type=\"text-editor.default\">\n\t\t\t\t<div class=\"elementor-widget-container\">\n\t\t\t\t\t\t\t\t\t<p>Sie erreichen uns direkt per E-Mail, Airbnb oder WhatsApp.<\/p>\t\t\t\t\t\t\t\t<\/div>\n\t\t\t\t<\/div>\n\t\t\t\t<div class=\"elementor-element elementor-element-7d95434 e-grid-align-left elementor-shape-circle e-grid-align-mobile-center elementor-grid-0 elementor-widget elementor-widget-social-icons\" data-id=\"7d95434\" data-element_type=\"widget\" data-widget_type=\"social-icons.default\">\n\t\t\t\t<div class=\"elementor-widget-container\">\n\t\t\t\t\t\t\t<div class=\"elementor-social-icons-wrapper elementor-grid\" role=\"list\">\n\t\t\t\t\t\t\t<span class=\"elementor-grid-item\" role=\"listitem\">\n\t\t\t\t\t<a class=\"elementor-icon elementor-social-icon elementor-social-icon-envelope elementor-repeater-item-6cfe143\" href=\"mailto:info@fewo-am-rauhen-kulm.de\" target=\"_blank\">\n\t\t\t\t\t\t<span class=\"elementor-screen-only\">Envelope<\/span>\n\t\t\t\t\t\t<svg aria-hidden=\"true\" class=\"e-font-icon-svg e-fas-envelope\" viewbox=\"0 0 512 512\" xmlns=\"http:\/\/www.w3.org\/2000\/svg\"><path d=\"M502.3 190.8c3.9-3.1 9.7-.2 9.7 4.7V400c0 26.5-21.5 48-48 48H48c-26.5 0-48-21.5-48-48V195.6c0-5 5.7-7.8 9.7-4.7 22.4 17.4 52.1 39.5 154.1 113.6 21.1 15.4 56.7 47.8 92.2 47.6 35.7.3 72-32.8 92.3-47.6 102-74.1 131.6-96.3 154-113.7zM256 320c23.2.4 56.6-29.2 73.4-41.4 132.7-96.3 142.8-104.7 173.4-128.7 5.8-4.5 9.2-11.5 9.2-18.9v-19c0-26.5-21.5-48-48-48H48C21.5 64 0 85.5 0 112v19c0 7.4 3.4 14.3 9.2 18.9 30.6 23.9 40.7 32.4 173.4 128.7 16.8 12.2 50.2 41.8 73.4 41.4z\"><\/path><\/svg>\t\t\t\t\t<\/a>\n\t\t\t\t<\/span>\n\t\t\t\t\t\t\t<span class=\"elementor-grid-item\" role=\"listitem\">\n\t\t\t\t\t<a class=\"elementor-icon elementor-social-icon elementor-social-icon-whatsapp elementor-repeater-item-e52f5d0\" href=\"http:\/\/+4915158718450\" target=\"_blank\">\n\t\t\t\t\t\t<span class=\"elementor-screen-only\">Whatsapp<\/span>\n\t\t\t\t\t\t<svg aria-hidden=\"true\" class=\"e-font-icon-svg e-fab-whatsapp\" viewbox=\"0 0 448 512\" xmlns=\"http:\/\/www.w3.org\/2000\/svg\"><path d=\"M380.9 97.1C339 55.1 283.2 32 223.9 32c-122.4 0-222 99.6-222 222 0 39.1 10.2 77.3 29.6 111L0 480l117.7-30.9c32.4 17.7 68.9 27 106.1 27h.1c122.3 0 224.1-99.6 224.1-222 0-59.3-25.2-115-67.1-157zm-157 341.6c-33.2 0-65.7-8.9-94-25.7l-6.7-4-69.8 18.3L72 359.2l-4.4-7c-18.5-29.4-28.2-63.3-28.2-98.2 0-101.7 82.8-184.5 184.6-184.5 49.3 0 95.6 19.2 130.4 54.1 34.8 34.9 56.2 81.2 56.1 130.5 0 101.8-84.9 184.6-186.6 184.6zm101.2-138.2c-5.5-2.8-32.8-16.2-37.9-18-5.1-1.9-8.8-2.8-12.5 2.8-3.7 5.6-14.3 18-17.6 21.8-3.2 3.7-6.5 4.2-12 1.4-32.6-16.3-54-29.1-75.5-66-5.7-9.8 5.7-9.1 16.3-30.3 1.8-3.7.9-6.9-.5-9.7-1.4-2.8-12.5-30.1-17.1-41.2-4.5-10.8-9.1-9.3-12.5-9.5-3.2-.2-6.9-.2-10.6-.2-3.7 0-9.7 1.4-14.8 6.9-5.1 5.6-19.4 19-19.4 46.3 0 27.3 19.9 53.7 22.6 57.4 2.8 3.7 39.1 59.7 94.8 83.8 35.2 15.2 49 16.5 66.6 13.9 10.7-1.6 32.8-13.4 37.4-26.4 4.6-13 4.6-24.1 3.2-26.4-1.3-2.5-5-3.9-10.5-6.6z\"><\/path><\/svg>\t\t\t\t\t<\/a>\n\t\t\t\t<\/span>\n\t\t\t\t\t\t\t<span class=\"elementor-grid-item\" role=\"listitem\">\n\t\t\t\t\t<a class=\"elementor-icon elementor-social-icon elementor-social-icon-airbnb elementor-repeater-item-a31f85f\" href=\"https:\/\/www.airbnb.de\/users\/show\/547057148\" target=\"_blank\">\n\t\t\t\t\t\t<span class=\"elementor-screen-only\">Airbnb<\/span>\n\t\t\t\t\t\t<svg aria-hidden=\"true\" class=\"e-font-icon-svg e-fab-airbnb\" viewbox=\"0 0 448 512\" xmlns=\"http:\/\/www.w3.org\/2000\/svg\"><path d=\"M224 373.12c-25.24-31.67-40.08-59.43-45-83.18-22.55-88 112.61-88 90.06 0-5.45 24.25-20.29 52-45 83.18zm138.15 73.23c-42.06 18.31-83.67-10.88-119.3-50.47 103.9-130.07 46.11-200-18.85-200-54.92 0-85.16 46.51-73.28 100.5 6.93 29.19 25.23 62.39 54.43 99.5-32.53 36.05-60.55 52.69-85.15 54.92-50 7.43-89.11-41.06-71.3-91.09 15.1-39.16 111.72-231.18 115.87-241.56 15.75-30.07 25.56-57.4 59.38-57.4 32.34 0 43.4 25.94 60.37 59.87 36 70.62 89.35 177.48 114.84 239.09 13.17 33.07-1.37 71.29-37.01 86.64zm47-136.12C280.27 35.93 273.13 32 224 32c-45.52 0-64.87 31.67-84.66 72.79C33.18 317.1 22.89 347.19 22 349.81-3.22 419.14 48.74 480 111.63 480c21.71 0 60.61-6.06 112.37-62.4 58.68 63.78 101.26 62.4 112.37 62.4 62.89.05 114.85-60.86 89.61-130.19.02-3.89-16.82-38.9-16.82-39.58z\"><\/path><\/svg>\t\t\t\t\t<\/a>\n\t\t\t\t<\/span>\n\t\t\t\t\t<\/div>\n\t\t\t\t\t\t<\/div>\n\t\t\t\t<\/div>\n\t\t\t\t\t<\/div>\n\t\t<\/div>\n\t\t\t\t\t<\/div>\n\t\t<\/section>\n\t\t\t\t<section data-particle_enable=\"false\" data-particle-mobile-disabled=\"false\" class=\"elementor-section elementor-inner-section elementor-element elementor-element-bec09c9 elementor-section-content-top elementor-section-boxed elementor-section-height-default elementor-section-height-default\" data-id=\"bec09c9\" data-element_type=\"section\">\n\t\t\t\t\t\t<div class=\"elementor-container elementor-column-gap-default\">\n\t\t\t\t\t<div class=\"elementor-column elementor-col-100 elementor-inner-column elementor-element elementor-element-5d9ee13\" data-id=\"5d9ee13\" data-element_type=\"column\">\n\t\t\t<div class=\"elementor-widget-wrap elementor-element-populated\">\n\t\t\t\t\t\t<div class=\"elementor-element elementor-element-de5b9a7 elementor-widget elementor-widget-heading\" data-id=\"de5b9a7\" data-element_type=\"widget\" data-widget_type=\"heading.default\">\n\t\t\t\t<div class=\"elementor-widget-container\">\n\t\t\t\t\t<h3 class=\"elementor-heading-title elementor-size-default\">Social awareness<\/h3>\t\t\t\t<\/div>\n\t\t\t\t<\/div>\n\t\t\t\t\t<\/div>\n\t\t<\/div>\n\t\t\t\t\t<\/div>\n\t\t<\/section>\n\t\t\t\t\t<\/div>\n\t\t<\/div>\n\t\t\t\t\t<\/div>\n\t\t<\/section>\n\t\t\t\t<section data-particle_enable=\"false\" data-particle-mobile-disabled=\"false\" class=\"elementor-section elementor-top-section elementor-element elementor-element-2545a41b elementor-section-boxed elementor-section-height-default elementor-section-height-default\" data-id=\"2545a41b\" data-element_type=\"section\" data-settings=\"{&quot;background_background&quot;:&quot;classic&quot;}\">\n\t\t\t\t\t\t<div class=\"elementor-container elementor-column-gap-no\">\n\t\t\t\t\t<div class=\"elementor-column elementor-col-33 elementor-top-column elementor-element elementor-element-2eddab9a\" data-id=\"2eddab9a\" data-element_type=\"column\">\n\t\t\t<div class=\"elementor-widget-wrap elementor-element-populated\">\n\t\t\t\t\t\t<div class=\"elementor-element elementor-element-1d8a34d9 hotel-tmpl-titles elementor-widget__width-initial elementor-invisible elementor-widget elementor-widget-heading\" data-id=\"1d8a34d9\" data-element_type=\"widget\" data-settings=\"{&quot;_animation&quot;:&quot;fadeInUp&quot;}\" data-widget_type=\"heading.default\">\n\t\t\t\t<div class=\"elementor-widget-container\">\n\t\t\t\t\t<h2 class=\"elementor-heading-title elementor-size-default\"><em>Individuelle Anfrage<\/em>  <\/h2>\t\t\t\t<\/div>\n\t\t\t\t<\/div>\n\t\t\t\t<div class=\"elementor-element elementor-element-326cedf hotel-tmpl-titles elementor-invisible elementor-widget elementor-widget-heading\" data-id=\"326cedf\" data-element_type=\"widget\" data-settings=\"{&quot;_animation&quot;:&quot;fadeInUp&quot;}\" data-widget_type=\"heading.default\">\n\t\t\t\t<div class=\"elementor-widget-container\">\n\t\t\t\t\t<h2 class=\"elementor-heading-title elementor-size-default\">Nutzen Sie unser Kontaktformular<\/h2>\t\t\t\t<\/div>\n\t\t\t\t<\/div>\n\t\t\t\t\t<\/div>\n\t\t<\/div>\n\t\t\t\t<div class=\"elementor-column elementor-col-33 elementor-top-column elementor-element elementor-element-7ba0f45c\" data-id=\"7ba0f45c\" data-element_type=\"column\">\n\t\t\t<div class=\"elementor-widget-wrap elementor-element-populated\">\n\t\t\t\t\t\t<div class=\"elementor-element elementor-element-758a1c74 elementor-widget__width-initial elementor-widget elementor-widget-spacer\" data-id=\"758a1c74\" data-element_type=\"widget\" data-widget_type=\"spacer.default\">\n\t\t\t\t<div class=\"elementor-widget-container\">\n\t\t\t\t\t\t\t<div class=\"elementor-spacer\">\n\t\t\t<div class=\"elementor-spacer-inner\"><\/div>\n\t\t<\/div>\n\t\t\t\t\t\t<\/div>\n\t\t\t\t<\/div>\n\t\t\t\t\t<\/div>\n\t\t<\/div>\n\t\t\t\t<div class=\"elementor-column elementor-col-33 elementor-top-column elementor-element elementor-element-29440846\" data-id=\"29440846\" data-element_type=\"column\">\n\t\t\t<div class=\"elementor-widget-wrap elementor-element-populated\">\n\t\t\t\t\t\t<div class=\"elementor-element elementor-element-ef460dd elementor-widget__width-initial elementor-button-align-stretch elementor-widget elementor-widget-form\" data-id=\"ef460dd\" data-element_type=\"widget\" data-settings=\"{&quot;step_next_label&quot;:&quot;Next&quot;,&quot;step_previous_label&quot;:&quot;Previous&quot;,&quot;button_width&quot;:&quot;100&quot;,&quot;step_type&quot;:&quot;number_text&quot;,&quot;step_icon_shape&quot;:&quot;circle&quot;}\" data-widget_type=\"form.default\">\n\t\t\t\t<div class=\"elementor-widget-container\">\n\t\t\t\t\t\t\t<form class=\"elementor-form\" method=\"post\" name=\"New Form\">\n\t\t\t<input type=\"hidden\" name=\"post_id\" value=\"1507\"\/>\n\t\t\t<input type=\"hidden\" name=\"form_id\" value=\"ef460dd\"\/>\n\t\t\t<input type=\"hidden\" name=\"referer_title\" value=\"Kontakt\" \/>\n\n\t\t\t\t\t\t\t<input type=\"hidden\" name=\"queried_id\" value=\"1507\"\/>\n\t\t\t\n\t\t\t<div class=\"elementor-form-fields-wrapper elementor-labels-above\">\n\t\t\t\t\t\t\t\t<div class=\"elementor-field-type-text elementor-field-group elementor-column elementor-field-group-name elementor-col-100\">\n\t\t\t\t\t\t\t\t\t\t\t\t<label for=\"form-field-name\" class=\"elementor-field-label\">\n\t\t\t\t\t\t\t\tName\t\t\t\t\t\t\t<\/label>\n\t\t\t\t\t\t\t\t\t\t\t\t\t\t<input size=\"1\" type=\"text\" name=\"form_fields[name]\" id=\"form-field-name\" class=\"elementor-field elementor-size-sm  elementor-field-textual\" placeholder=\"Name\">\n\t\t\t\t\t\t\t\t\t\t\t<\/div>\n\t\t\t\t\t\t\t\t<div class=\"elementor-field-type-email elementor-field-group elementor-column elementor-field-group-email elementor-col-100 elementor-field-required\">\n\t\t\t\t\t\t\t\t\t\t\t\t<label for=\"form-field-email\" class=\"elementor-field-label\">\n\t\t\t\t\t\t\t\tE-Mail\t\t\t\t\t\t\t<\/label>\n\t\t\t\t\t\t\t\t\t\t\t\t\t\t<input size=\"1\" type=\"email\" name=\"form_fields[email]\" id=\"form-field-email\" class=\"elementor-field elementor-size-sm  elementor-field-textual\" placeholder=\"E-Mail\" required=\"required\">\n\t\t\t\t\t\t\t\t\t\t\t<\/div>\n\t\t\t\t\t\t\t\t<div class=\"elementor-field-type-textarea elementor-field-group elementor-column elementor-field-group-message elementor-col-100\">\n\t\t\t\t\t\t\t\t\t\t\t\t<label for=\"form-field-message\" class=\"elementor-field-label\">\n\t\t\t\t\t\t\t\tNachricht\t\t\t\t\t\t\t<\/label>\n\t\t\t\t\t\t<textarea class=\"elementor-field-textual elementor-field  elementor-size-sm\" name=\"form_fields[message]\" id=\"form-field-message\" rows=\"4\" placeholder=\"Nachricht\"><\/textarea>\t\t\t\t<\/div>\n\t\t\t\t\t\t\t\t<div class=\"elementor-field-group elementor-column elementor-field-type-submit elementor-col-100 e-form__buttons\">\n\t\t\t\t\t<button class=\"elementor-button elementor-size-md\" type=\"submit\">\n\t\t\t\t\t\t<span class=\"elementor-button-content-wrapper\">\n\t\t\t\t\t\t\t\t\t\t\t\t\t\t\t\t\t\t\t\t\t\t<span class=\"elementor-button-text\">Anfrage senden<\/span>\n\t\t\t\t\t\t\t\t\t\t\t\t\t<\/span>\n\t\t\t\t\t<\/button>\n\t\t\t\t<\/div>\n\t\t\t<\/div>\n\t\t<input type=\"hidden\" name=\"trp-form-language\" value=\"en\"\/><\/form>\n\t\t\t\t\t\t<\/div>\n\t\t\t\t<\/div>\n\t\t\t\t<div class=\"elementor-element elementor-element-406b2ed2 elementor-widget elementor-widget-text-editor\" data-id=\"406b2ed2\" data-element_type=\"widget\" data-widget_type=\"text-editor.default\">\n\t\t\t\t<div class=\"elementor-widget-container\">\n\t\t\t\t\t\t\t\t\t<p class=\"h2\">Sie ben\u00f6tigen mehr Zimmer,&nbsp; Informationen oder haben weitere Fragen? Schreiben Sie uns doch einfach.&nbsp;<\/p>\t\t\t\t\t\t\t\t<\/div>\n\t\t\t\t<\/div>\n\t\t\t\t<div class=\"elementor-element elementor-element-6e4070f elementor-widget elementor-widget-text-editor\" data-id=\"6e4070f\" data-element_type=\"widget\" data-widget_type=\"text-editor.default\">\n\t\t\t\t<div class=\"elementor-widget-container\">\n\t\t\t\t\t\t\t\t\t<p class=\"h2\">Wir antworten in der Regel innerhalb von 4 &#8211; 12 Stunden.<\/p>\t\t\t\t\t\t\t\t<\/div>\n\t\t\t\t<\/div>\n\t\t\t\t\t<\/div>\n\t\t<\/div>\n\t\t\t\t\t<\/div>\n\t\t<\/section>\n\t\t<div data-particle_enable=\"false\" data-particle-mobile-disabled=\"false\" class=\"elementor-element elementor-element-fcaa605 e-con-full e-flex e-con e-parent\" data-id=\"fcaa605\" data-element_type=\"container\" data-settings=\"{&quot;background_background&quot;:&quot;classic&quot;}\">\n\t\t<div data-particle_enable=\"false\" data-particle-mobile-disabled=\"false\" class=\"elementor-element elementor-element-a8011b8 e-con-full e-flex e-con e-child\" data-id=\"a8011b8\" data-element_type=\"container\">\n\t\t<div data-particle_enable=\"false\" data-particle-mobile-disabled=\"false\" class=\"elementor-element elementor-element-92e2378 e-con-full e-flex e-con e-child\" data-id=\"92e2378\" data-element_type=\"container\">\n\t\t<div data-particle_enable=\"false\" data-particle-mobile-disabled=\"false\" class=\"elementor-element elementor-element-39f49c0 e-con-full e-flex e-con e-child\" data-id=\"39f49c0\" data-element_type=\"container\">\n\t\t\t\t<div class=\"elementor-element elementor-element-2310a51 hotel-tmpl-titles elementor-invisible elementor-widget elementor-widget-heading\" data-id=\"2310a51\" data-element_type=\"widget\" data-settings=\"{&quot;_animation&quot;:&quot;fadeInUp&quot;}\" data-widget_type=\"heading.default\">\n\t\t\t\t<div class=\"elementor-widget-container\">\n\t\t\t\t\t<h2 class=\"elementor-heading-title elementor-size-default\">Unsere Ferienwohnung in Neustadt am Kulm<\/h2>\t\t\t\t<\/div>\n\t\t\t\t<\/div>\n\t\t\t\t<div class=\"elementor-element elementor-element-c6f6cdb elementor-widget elementor-widget-heading\" data-id=\"c6f6cdb\" data-element_type=\"widget\" data-widget_type=\"heading.default\">\n\t\t\t\t<div class=\"elementor-widget-container\">\n\t\t\t\t\t<h3 class=\"elementor-heading-title elementor-size-default\">Anfahrt und Lage<\/h3>\t\t\t\t<\/div>\n\t\t\t\t<\/div>\n\t\t\t\t<div class=\"elementor-element elementor-element-3da57bb elementor-widget elementor-widget-text-editor\" data-id=\"3da57bb\" data-element_type=\"widget\" data-widget_type=\"text-editor.default\">\n\t\t\t\t<div class=\"elementor-widget-container\">\n\t\t\t\t\t\t\t\t\t<p>In der N\u00f6rdlichen Oberpfalz befindet sich unsere Unterkunft. Zwischen den St\u00e4dten Bayreuth 25km, Weiden 30km und Marktredwitz 30km. Bis zur Tschechischen Grenze sind es etwas 45 Fahrtminuten. Die A9 ist in 20 Minuten zu erreichen die A93 in 30. Von hier aus k\u00f6nnen Sie in alle Richtungen aufbrechen. Ganz gleich ob Sie das Fichtelgebirge oder die Fr\u00e4nkische Schweiz erkunden m\u00f6chten. Direkt vor der Haust\u00fcr liegt der Rauhe Kulm. Der Aufstieg auf den 683 Meter hohen Berg lohnt sich besonders.\u00a0<\/p>\t\t\t\t\t\t\t\t<\/div>\n\t\t\t\t<\/div>\n\t\t\t\t<div class=\"elementor-element elementor-element-55d8d75 elementor-align-justify elementor-widget elementor-widget-button\" data-id=\"55d8d75\" data-element_type=\"widget\" data-widget_type=\"button.default\">\n\t\t\t\t<div class=\"elementor-widget-container\">\n\t\t\t\t\t\t\t\t\t<div class=\"elementor-button-wrapper\">\n\t\t\t\t\t<a class=\"elementor-button elementor-button-link elementor-size-sm\" href=\"https:\/\/www.google.com\/maps\/dir\/\/Lindenallee+5,+95514+Neustadt+am+Kulm,+Germany\/@49.8294293,11.8386966,8z\/data=!4m8!4m7!1m0!1m5!1m1!1s0x47a1b3f731b32be5:0x83abdc4cc495dc6e!2m2!1d11.8386966!2d49.8294293?entry=ttu\" target=\"_blank\">\n\t\t\t\t\t\t<span class=\"elementor-button-content-wrapper\">\n\t\t\t\t\t\t\t\t\t<span class=\"elementor-button-text\">Anfahrt<\/span>\n\t\t\t\t\t<\/span>\n\t\t\t\t\t<\/a>\n\t\t\t\t<\/div>\n\t\t\t\t\t\t\t\t<\/div>\n\t\t\t\t<\/div>\n\t\t\t\t<div class=\"elementor-element elementor-element-2f7f4e8 e-grid-align-left elementor-shape-circle e-grid-align-mobile-center elementor-grid-0 elementor-widget elementor-widget-social-icons\" data-id=\"2f7f4e8\" data-element_type=\"widget\" data-widget_type=\"social-icons.default\">\n\t\t\t\t<div class=\"elementor-widget-container\">\n\t\t\t\t\t\t\t<div class=\"elementor-social-icons-wrapper elementor-grid\">\n\t\t\t\t\t\t\t<span class=\"elementor-grid-item\">\n\t\t\t\t\t<a class=\"elementor-icon elementor-social-icon elementor-social-icon-envelope elementor-repeater-item-6cfe143\" href=\"mailto:info@fewo-am-rauhen-kulm.de\" target=\"_blank\">\n\t\t\t\t\t\t<span class=\"elementor-screen-only\">Envelope<\/span>\n\t\t\t\t\t\t<svg aria-hidden=\"true\" class=\"e-font-icon-svg e-fas-envelope\" viewbox=\"0 0 512 512\" xmlns=\"http:\/\/www.w3.org\/2000\/svg\"><path d=\"M502.3 190.8c3.9-3.1 9.7-.2 9.7 4.7V400c0 26.5-21.5 48-48 48H48c-26.5 0-48-21.5-48-48V195.6c0-5 5.7-7.8 9.7-4.7 22.4 17.4 52.1 39.5 154.1 113.6 21.1 15.4 56.7 47.8 92.2 47.6 35.7.3 72-32.8 92.3-47.6 102-74.1 131.6-96.3 154-113.7zM256 320c23.2.4 56.6-29.2 73.4-41.4 132.7-96.3 142.8-104.7 173.4-128.7 5.8-4.5 9.2-11.5 9.2-18.9v-19c0-26.5-21.5-48-48-48H48C21.5 64 0 85.5 0 112v19c0 7.4 3.4 14.3 9.2 18.9 30.6 23.9 40.7 32.4 173.4 128.7 16.8 12.2 50.2 41.8 73.4 41.4z\"><\/path><\/svg>\t\t\t\t\t<\/a>\n\t\t\t\t<\/span>\n\t\t\t\t\t<\/div>\n\t\t\t\t\t\t<\/div>\n\t\t\t\t<\/div>\n\t\t\t\t<\/div>\n\t\t\t\t<\/div>\n\t\t<div data-particle_enable=\"false\" data-particle-mobile-disabled=\"false\" class=\"elementor-element elementor-element-993458b e-con-full e-flex e-con e-child\" data-id=\"993458b\" data-element_type=\"container\">\n\t\t<div data-particle_enable=\"false\" data-particle-mobile-disabled=\"false\" class=\"elementor-element elementor-element-7cea661 e-con-full e-flex e-con e-child\" data-id=\"7cea661\" data-element_type=\"container\">\n\t\t\t\t<div class=\"elementor-element elementor-element-9e9ee6f elementor-widget elementor-widget-heading\" data-id=\"9e9ee6f\" data-element_type=\"widget\" data-widget_type=\"heading.default\">\n\t\t\t\t<div class=\"elementor-widget-container\">\n\t\t\t\t\t<h3 class=\"elementor-heading-title elementor-size-default\">Social awareness<\/h3>\t\t\t\t<\/div>\n\t\t\t\t<\/div>\n\t\t\t\t<\/div>\n\t\t\t\t<\/div>\n\t\t\t\t<\/div>\n\t\t<div data-particle_enable=\"false\" data-particle-mobile-disabled=\"false\" class=\"elementor-element elementor-element-a6f9188 e-con-full e-flex e-con e-child\" data-id=\"a6f9188\" data-element_type=\"container\">\n\t\t\t\t<div class=\"elementor-element elementor-element-f4b3bfa elementor-widget elementor-widget-html\" data-id=\"f4b3bfa\" data-element_type=\"widget\" data-widget_type=\"html.default\">\n\t\t\t\t<div class=\"elementor-widget-container\">\n\t\t\t\t\t<iframe src=\"https:\/\/www.google.com\/maps\/embed?pb=!1m18!1m12!1m3!1d1119.642193083103!2d11.83851385949726!3d49.82977802801419!2m3!1f0!2f0!3f0!3m2!1i1024!2i768!4f13.1!3m3!1m2!1s0x47a1b3ccbb3f135d%3A0x2a93d322a1b2b6a!2sFeWo%20am%20Rauhen%20Kulm!5e1!3m2!1sde!2sde!4v1763634436805!5m2!1sde!2sde\" width=\"800\" height=\"650\" style=\"border:0;\" allowfullscreen=\"\" loading=\"lazy\" referrerpolicy=\"no-referrer-when-downgrade\"><\/iframe>\t\t\t\t<\/div>\n\t\t\t\t<\/div>\n\t\t\t\t<\/div>\n\t\t\t\t<\/div>\n\t\t\t\t<\/div>","protected":false},"excerpt":{"rendered":"<p>Ferienwohnung am Rauhen Kulm Lindenallee 5, 95514 Neustadt am Kulm Viktoria &amp; Arnold Greitan Jetzt Kontaktieren E-Mail schreiben Sie erreichen uns direkt per E-Mail, Airbnb oder WhatsApp. Envelope Whatsapp Airbnb Social awareness Individuelle Anfrage Nutzen Sie unser Kontaktformular Sie ben\u00f6tigen mehr Zimmer,&nbsp; Informationen oder haben weitere Fragen? Schreiben Sie uns doch einfach.&nbsp; Wir antworten in [&hellip;]<\/p>","protected":false},"author":1,"featured_media":3484,"parent":0,"menu_order":0,"comment_status":"closed","ping_status":"closed","template":"","meta":{"_monsterinsights_skip_tracking":false,"_monsterinsights_sitenote_active":false,"_monsterinsights_sitenote_note":"","_monsterinsights_sitenote_category":0,"footnotes":""},"class_list":["post-1507","page","type-page","status-publish","has-post-thumbnail","hentry"],"yoast_head":"<!-- This site is optimized with the Yoast SEO Premium plugin v24.1 (Yoast SEO v24.2) - https:\/\/yoast.com\/wordpress\/plugins\/seo\/ -->\n<title>Kontakt<\/title>\n<meta name=\"description\" content=\"Sie haben Fragen zu Ferienwohnung &amp; Unterkunft am Rauhen Kulm. Schreiben Sie uns, wir antworten Ihnen gerne.\" \/>\n<meta name=\"robots\" content=\"index, follow, max-snippet:-1, max-image-preview:large, max-video-preview:-1\" \/>\n<link rel=\"canonical\" href=\"https:\/\/fewo-am-rauhen-kulm.de\/en\/kontakt\/\" \/>\n<meta property=\"og:locale\" content=\"en_GB\" \/>\n<meta property=\"og:type\" content=\"article\" \/>\n<meta property=\"og:title\" content=\"Kontaktieren Sie Viktoria &amp; Arnold - Jetzt anfragen!\" \/>\n<meta property=\"og:description\" content=\"Schnelle Antworten auf Ihre Fragen. Kontaktieren Sie uns!\" \/>\n<meta property=\"og:url\" content=\"https:\/\/fewo-am-rauhen-kulm.de\/en\/kontakt\/\" \/>\n<meta property=\"og:site_name\" content=\"Ferienwohnung\" \/>\n<meta property=\"article:modified_time\" content=\"2025-11-20T10:38:14+00:00\" \/>\n<meta property=\"og:image\" content=\"https:\/\/fewo-am-rauhen-kulm.de\/wp-content\/uploads\/2025\/03\/kulm-ansicht-scaled-1-2.jpg\" \/>\n\t<meta property=\"og:image:width\" content=\"1920\" \/>\n\t<meta property=\"og:image:height\" content=\"776\" \/>\n\t<meta property=\"og:image:type\" content=\"image\/jpeg\" \/>\n<meta name=\"twitter:card\" content=\"summary_large_image\" \/>\n<meta name=\"twitter:title\" content=\"Kontaktieren Sie Viktoria &amp; Arnold - Jetzt anfragen!\" \/>\n<meta name=\"twitter:description\" content=\"Schnelle Antworten auf Ihre Fragen. Kontaktieren Sie uns!\" \/>\n<meta name=\"twitter:label1\" content=\"Estimated reading time\" \/>\n\t<meta name=\"twitter:data1\" content=\"2 minutes\" \/>\n<script type=\"application\/ld+json\" class=\"yoast-schema-graph\">{\"@context\":\"https:\/\/schema.org\",\"@graph\":[{\"@type\":[\"WebPage\",\"ContactPage\"],\"@id\":\"https:\/\/fewo-am-rauhen-kulm.de\/kontakt\/\",\"url\":\"https:\/\/fewo-am-rauhen-kulm.de\/kontakt\/\",\"name\":\"Kontakt\",\"isPartOf\":{\"@id\":\"https:\/\/fewo-am-rauhen-kulm.de\/#website\"},\"primaryImageOfPage\":{\"@id\":\"https:\/\/fewo-am-rauhen-kulm.de\/kontakt\/#primaryimage\"},\"image\":{\"@id\":\"https:\/\/fewo-am-rauhen-kulm.de\/kontakt\/#primaryimage\"},\"thumbnailUrl\":\"https:\/\/fewo-am-rauhen-kulm.de\/wp-content\/uploads\/2025\/03\/kulm-ansicht-scaled-1-2.jpg\",\"datePublished\":\"2024-07-12T15:27:44+00:00\",\"dateModified\":\"2025-11-20T10:38:14+00:00\",\"description\":\"Sie haben Fragen zu Ferienwohnung & Unterkunft am Rauhen Kulm. Schreiben Sie uns, wir antworten Ihnen gerne.\",\"breadcrumb\":{\"@id\":\"https:\/\/fewo-am-rauhen-kulm.de\/kontakt\/#breadcrumb\"},\"inLanguage\":\"en-GB\",\"potentialAction\":[{\"@type\":\"ReadAction\",\"target\":[\"https:\/\/fewo-am-rauhen-kulm.de\/kontakt\/\"]}]},{\"@type\":\"ImageObject\",\"inLanguage\":\"en-GB\",\"@id\":\"https:\/\/fewo-am-rauhen-kulm.de\/kontakt\/#primaryimage\",\"url\":\"https:\/\/fewo-am-rauhen-kulm.de\/wp-content\/uploads\/2025\/03\/kulm-ansicht-scaled-1-2.jpg\",\"contentUrl\":\"https:\/\/fewo-am-rauhen-kulm.de\/wp-content\/uploads\/2025\/03\/kulm-ansicht-scaled-1-2.jpg\",\"width\":1920,\"height\":776,\"caption\":\"Eine gr\u00fcne Landschaft mit einem H\u00fcgel und einem Teich.\"},{\"@type\":\"BreadcrumbList\",\"@id\":\"https:\/\/fewo-am-rauhen-kulm.de\/kontakt\/#breadcrumb\",\"itemListElement\":[{\"@type\":\"ListItem\",\"position\":1,\"name\":\"Startseite\",\"item\":\"https:\/\/fewo-am-rauhen-kulm.de\/\"},{\"@type\":\"ListItem\",\"position\":2,\"name\":\"Kontakt\"}]},{\"@type\":\"WebSite\",\"@id\":\"https:\/\/fewo-am-rauhen-kulm.de\/#website\",\"url\":\"https:\/\/fewo-am-rauhen-kulm.de\/\",\"name\":\"Ferienwohnung am Rauhen Kulm\",\"description\":\"Unterkunft in Neustadt am Kulm\",\"publisher\":{\"@id\":\"https:\/\/fewo-am-rauhen-kulm.de\/#organization\"},\"alternateName\":\"Urlaub in Neustadt am Kulm\",\"potentialAction\":[{\"@type\":\"SearchAction\",\"target\":{\"@type\":\"EntryPoint\",\"urlTemplate\":\"https:\/\/fewo-am-rauhen-kulm.de\/?s={search_term_string}\"},\"query-input\":{\"@type\":\"PropertyValueSpecification\",\"valueRequired\":true,\"valueName\":\"search_term_string\"}}],\"inLanguage\":\"en-GB\"},{\"@type\":\"Organization\",\"@id\":\"https:\/\/fewo-am-rauhen-kulm.de\/#organization\",\"name\":\"Ferienwohnung am Rauhen Kulm\",\"url\":\"https:\/\/fewo-am-rauhen-kulm.de\/\",\"logo\":{\"@type\":\"ImageObject\",\"inLanguage\":\"en-GB\",\"@id\":\"https:\/\/fewo-am-rauhen-kulm.de\/#\/schema\/logo\/image\/\",\"url\":\"https:\/\/fewo-am-rauhen-kulm.de\/wp-content\/uploads\/2024\/06\/Unbenannt-1.jpg\",\"contentUrl\":\"https:\/\/fewo-am-rauhen-kulm.de\/wp-content\/uploads\/2024\/06\/Unbenannt-1.jpg\",\"width\":800,\"height\":620,\"caption\":\"Ferienwohnung am Rauhen Kulm\"},\"image\":{\"@id\":\"https:\/\/fewo-am-rauhen-kulm.de\/#\/schema\/logo\/image\/\"},\"email\":\"info@fewo-am-rauhen-kulm.de\"}]}<\/script>\n<!-- \/ Yoast SEO Premium plugin. -->","yoast_head_json":{"title":"Kontakt","description":"Sie haben Fragen zu Ferienwohnung & Unterkunft am Rauhen Kulm. Schreiben Sie uns, wir antworten Ihnen gerne.","robots":{"index":"index","follow":"follow","max-snippet":"max-snippet:-1","max-image-preview":"max-image-preview:large","max-video-preview":"max-video-preview:-1"},"canonical":"https:\/\/fewo-am-rauhen-kulm.de\/en\/kontakt\/","og_locale":"en_GB","og_type":"article","og_title":"Kontaktieren Sie Viktoria & Arnold - Jetzt anfragen!","og_description":"Schnelle Antworten auf Ihre Fragen. Kontaktieren Sie uns!","og_url":"https:\/\/fewo-am-rauhen-kulm.de\/en\/kontakt\/","og_site_name":"Ferienwohnung","article_modified_time":"2025-11-20T10:38:14+00:00","og_image":[{"width":1920,"height":776,"url":"https:\/\/fewo-am-rauhen-kulm.de\/wp-content\/uploads\/2025\/03\/kulm-ansicht-scaled-1-2.jpg","type":"image\/jpeg"}],"twitter_card":"summary_large_image","twitter_title":"Kontaktieren Sie Viktoria & Arnold - Jetzt anfragen!","twitter_description":"Schnelle Antworten auf Ihre Fragen. Kontaktieren Sie uns!","twitter_misc":{"Estimated reading time":"2 minutes"},"schema":{"@context":"https:\/\/schema.org","@graph":[{"@type":["WebPage","ContactPage"],"@id":"https:\/\/fewo-am-rauhen-kulm.de\/kontakt\/","url":"https:\/\/fewo-am-rauhen-kulm.de\/kontakt\/","name":"Kontakt","isPartOf":{"@id":"https:\/\/fewo-am-rauhen-kulm.de\/#website"},"primaryImageOfPage":{"@id":"https:\/\/fewo-am-rauhen-kulm.de\/kontakt\/#primaryimage"},"image":{"@id":"https:\/\/fewo-am-rauhen-kulm.de\/kontakt\/#primaryimage"},"thumbnailUrl":"https:\/\/fewo-am-rauhen-kulm.de\/wp-content\/uploads\/2025\/03\/kulm-ansicht-scaled-1-2.jpg","datePublished":"2024-07-12T15:27:44+00:00","dateModified":"2025-11-20T10:38:14+00:00","description":"Sie haben Fragen zu Ferienwohnung & Unterkunft am Rauhen Kulm. Schreiben Sie uns, wir antworten Ihnen gerne.","breadcrumb":{"@id":"https:\/\/fewo-am-rauhen-kulm.de\/kontakt\/#breadcrumb"},"inLanguage":"en-GB","potentialAction":[{"@type":"ReadAction","target":["https:\/\/fewo-am-rauhen-kulm.de\/kontakt\/"]}]},{"@type":"ImageObject","inLanguage":"en-GB","@id":"https:\/\/fewo-am-rauhen-kulm.de\/kontakt\/#primaryimage","url":"https:\/\/fewo-am-rauhen-kulm.de\/wp-content\/uploads\/2025\/03\/kulm-ansicht-scaled-1-2.jpg","contentUrl":"https:\/\/fewo-am-rauhen-kulm.de\/wp-content\/uploads\/2025\/03\/kulm-ansicht-scaled-1-2.jpg","width":1920,"height":776,"caption":"Eine gr\u00fcne Landschaft mit einem H\u00fcgel und einem Teich."},{"@type":"BreadcrumbList","@id":"https:\/\/fewo-am-rauhen-kulm.de\/kontakt\/#breadcrumb","itemListElement":[{"@type":"ListItem","position":1,"name":"Startseite","item":"https:\/\/fewo-am-rauhen-kulm.de\/"},{"@type":"ListItem","position":2,"name":"Kontakt"}]},{"@type":"WebSite","@id":"https:\/\/fewo-am-rauhen-kulm.de\/#website","url":"https:\/\/fewo-am-rauhen-kulm.de\/","name":"Ferienwohnung am Rauhen Kulm","description":"Unterkunft in Neustadt am Kulm","publisher":{"@id":"https:\/\/fewo-am-rauhen-kulm.de\/#organization"},"alternateName":"Urlaub in Neustadt am Kulm","potentialAction":[{"@type":"SearchAction","target":{"@type":"EntryPoint","urlTemplate":"https:\/\/fewo-am-rauhen-kulm.de\/?s={search_term_string}"},"query-input":{"@type":"PropertyValueSpecification","valueRequired":true,"valueName":"search_term_string"}}],"inLanguage":"en-GB"},{"@type":"Organization","@id":"https:\/\/fewo-am-rauhen-kulm.de\/#organization","name":"Ferienwohnung am Rauhen Kulm","url":"https:\/\/fewo-am-rauhen-kulm.de\/","logo":{"@type":"ImageObject","inLanguage":"en-GB","@id":"https:\/\/fewo-am-rauhen-kulm.de\/#\/schema\/logo\/image\/","url":"https:\/\/fewo-am-rauhen-kulm.de\/wp-content\/uploads\/2024\/06\/Unbenannt-1.jpg","contentUrl":"https:\/\/fewo-am-rauhen-kulm.de\/wp-content\/uploads\/2024\/06\/Unbenannt-1.jpg","width":800,"height":620,"caption":"Ferienwohnung am Rauhen Kulm"},"image":{"@id":"https:\/\/fewo-am-rauhen-kulm.de\/#\/schema\/logo\/image\/"},"email":"info@fewo-am-rauhen-kulm.de"}]}},"_links":{"self":[{"href":"https:\/\/fewo-am-rauhen-kulm.de\/en\/wp-json\/wp\/v2\/pages\/1507","targetHints":{"allow":["GET"]}}],"collection":[{"href":"https:\/\/fewo-am-rauhen-kulm.de\/en\/wp-json\/wp\/v2\/pages"}],"about":[{"href":"https:\/\/fewo-am-rauhen-kulm.de\/en\/wp-json\/wp\/v2\/types\/page"}],"author":[{"embeddable":true,"href":"https:\/\/fewo-am-rauhen-kulm.de\/en\/wp-json\/wp\/v2\/users\/1"}],"replies":[{"embeddable":true,"href":"https:\/\/fewo-am-rauhen-kulm.de\/en\/wp-json\/wp\/v2\/comments?post=1507"}],"version-history":[{"count":10,"href":"https:\/\/fewo-am-rauhen-kulm.de\/en\/wp-json\/wp\/v2\/pages\/1507\/revisions"}],"predecessor-version":[{"id":3786,"href":"https:\/\/fewo-am-rauhen-kulm.de\/en\/wp-json\/wp\/v2\/pages\/1507\/revisions\/3786"}],"wp:featuredmedia":[{"embeddable":true,"href":"https:\/\/fewo-am-rauhen-kulm.de\/en\/wp-json\/wp\/v2\/media\/3484"}],"wp:attachment":[{"href":"https:\/\/fewo-am-rauhen-kulm.de\/en\/wp-json\/wp\/v2\/media?parent=1507"}],"curies":[{"name":"wp","href":"https:\/\/api.w.org\/{rel}","templated":true}]}}